{"id":350,"date":"2023-08-03T18:01:11","date_gmt":"2023-08-03T16:01:11","guid":{"rendered":"https:\/\/hoheraeume.de\/?page_id=350"},"modified":"2025-05-01T10:42:27","modified_gmt":"2025-05-01T08:42:27","slug":"ferien-im-denkmal-ferienwohnungen-in-quedlinburg","status":"publish","type":"page","link":"https:\/\/ferienimdenkmal.de\/en\/ferien-im-denkmal-ferienwohnungen-in-quedlinburg\/","title":{"rendered":"Holiday flats"},"content":{"rendered":"<div data-elementor-type=\"wp-page\" data-elementor-id=\"350\" class=\"elementor elementor-350\" data-elementor-post-type=\"page\">\n\t\t\t\t\t\t<section class=\"elementor-section elementor-top-section elementor-element elementor-element-b7b82a0 elementor-section-height-min-height elementor-section-boxed elementor-section-height-default elementor-section-items-middle\" data-id=\"b7b82a0\" data-element_type=\"section\" data-settings=\"{&quot;background_background&quot;:&quot;classic&quot;}\">\n\t\t\t\t\t\t<div class=\"elementor-container elementor-column-gap-default\">\n\t\t\t\t\t<div class=\"elementor-column elementor-col-100 elementor-top-column elementor-element elementor-element-1201193\" data-id=\"1201193\" data-element_type=\"column\">\n\t\t\t<div class=\"elementor-widget-wrap\">\n\t\t\t\t\t\t\t<\/div>\n\t\t<\/div>\n\t\t\t\t\t<\/div>\n\t\t<\/section>\n\t\t\t\t<section class=\"elementor-section elementor-top-section elementor-element elementor-element-165abc2 elementor-section-boxed elementor-section-height-default elementor-section-height-default\" data-id=\"165abc2\" data-element_type=\"section\">\n\t\t\t\t\t\t<div class=\"elementor-container elementor-column-gap-default\">\n\t\t\t\t\t<div class=\"elementor-column elementor-col-100 elementor-top-column elementor-element elementor-element-1b2af3d\" data-id=\"1b2af3d\" data-element_type=\"column\">\n\t\t\t<div class=\"elementor-widget-wrap elementor-element-populated\">\n\t\t\t\t\t\t<div class=\"elementor-element elementor-element-3a23c26 elementor-widget elementor-widget-heading\" data-id=\"3a23c26\" data-element_type=\"widget\" data-widget_type=\"heading.default\">\n\t\t\t\t<div class=\"elementor-widget-container\">\n\t\t\t\t\t<h1 class=\"elementor-heading-title elementor-size-default\">Holiday flats in Quedlinburg<\/h1>\t\t\t\t<\/div>\n\t\t\t\t<\/div>\n\t\t\t\t<div class=\"elementor-element elementor-element-c6077dc elementor-widget elementor-widget-text-editor\" data-id=\"c6077dc\" data-element_type=\"widget\" data-widget_type=\"text-editor.default\">\n\t\t\t\t<div class=\"elementor-widget-container\">\n\t\t\t\t\t\t\t\t\t<p>Our holiday flats are all centrally located in the historic city centre of <a href=\"https:\/\/www.quedlinburg-info.de\/de\/\">Quedlinburg<\/a>. Each flat has been renovated and furnished with great attention to detail in accordance with the preservation of historical monuments and healthy living standards to ensure you have an unforgettable holiday in Quedlinburg.<\/p>\t\t\t\t\t\t\t\t<\/div>\n\t\t\t\t<\/div>\n\t\t\t\t\t<\/div>\n\t\t<\/div>\n\t\t\t\t\t<\/div>\n\t\t<\/section>\n\t\t\t\t<section class=\"elementor-section elementor-top-section elementor-element elementor-element-2cb9a77 elementor-section-boxed elementor-section-height-default elementor-section-height-default\" data-id=\"2cb9a77\" data-element_type=\"section\">\n\t\t\t\t\t\t<div class=\"elementor-container elementor-column-gap-default\">\n\t\t\t\t\t<div class=\"elementor-column elementor-col-100 elementor-top-column elementor-element elementor-element-ef0e3d0\" data-id=\"ef0e3d0\" data-element_type=\"column\">\n\t\t\t<div class=\"elementor-widget-wrap\">\n\t\t\t\t\t\t\t<\/div>\n\t\t<\/div>\n\t\t\t\t\t<\/div>\n\t\t<\/section>\n\t\t\t\t<section class=\"elementor-section elementor-top-section elementor-element elementor-element-69f5b8c elementor-section-boxed elementor-section-height-default elementor-section-height-default\" data-id=\"69f5b8c\" data-element_type=\"section\">\n\t\t\t\t\t\t<div class=\"elementor-container elementor-column-gap-default\">\n\t\t\t\t\t<div class=\"elementor-column elementor-col-100 elementor-top-column elementor-element elementor-element-a1a12db\" data-id=\"a1a12db\" data-element_type=\"column\" data-settings=\"{&quot;background_background&quot;:&quot;classic&quot;}\">\n\t\t\t<div class=\"elementor-widget-wrap elementor-element-populated\">\n\t\t\t\t\t\t<div class=\"elementor-element elementor-element-1ca6e52 elementor-widget elementor-widget-Search\" data-id=\"1ca6e52\" data-element_type=\"widget\" data-widget_type=\"Search.default\">\n\t\t\t\t<div class=\"elementor-widget-container\">\n\t\t\t\t\t<div class=\"wpbs_s-search-widget wpbs_s-search-widget-multiple-date-search\" data-calendars=\"all\" data-language=\"auto\" data-title=\"no\" data-mark_selection=\"yes\" data-start_day=\"1\" data-selection_type=\"multiple\" data-minimum_stay=\"4\" data-featured_image=\"yes\" data-starting_price=\"no\" data-results_layout=\"grid\" data-results_per_page=\"8\" data-show_results_on_load=\"yes\" data-redirect=\"\" ><div class=\"wpbs_s-search-widget-form-wrap\">\r\n\r\n<form action=\"#\" method=\"GET\" class=\"wpbs_s-search-widget-form wpbs_s-search-widget-form-fields-2\" autocomplete=\"off\" data-trp-original-action=\"#\">\r\n\r\n    \r\n    <div class=\"wpbs_s-search-widget-field wpbs-search-widget-field-start-date\">\r\n        <label for=\"wpbs_s-search-widget-datepicker-start-date-e0799f88\">Start date<\/label>\r\n        <input type=\"text\" placeholder=\"\" value=\"\" id=\"wpbs_s-search-widget-datepicker-start-date-e0799f88\" class=\"wpbs_s-search-widget-datepicker wpbs_s-search-widget-datepicker-start-date\" name=\"start-date\" readonly \/>\r\n        <input type=\"hidden\" value=\"\" id=\"wpbs_s-search-widget-datepicker-standard-format-start-date-e0799f88\" class=\"wpbs_s-search-widget-datepicker-standard-format-start-date\" name=\"wpbs-search-start-date\" \/>\r\n    <\/div>\r\n\r\n    \r\n        <div class=\"wpbs_s-search-widget-field wpbs-search-widget-field-end-date\">\r\n            <label for=\"wpbs_s-search-widget-datepicker-end-date-e0799f88\">End date<\/label>\r\n            <input type=\"text\" placeholder=\"\" value=\"\" id=\"wpbs_s-search-widget-datepicker-end-date-e0799f88\" class=\"wpbs_s-search-widget-datepicker wpbs_s-search-widget-datepicker-end-date\" name=\"end-date\" readonly \/>\r\n            <input type=\"hidden\" value=\"\" id=\"wpbs_s-search-widget-datepicker-standard-format-end-date-e0799f88\" class=\"wpbs_s-search-widget-datepicker-standard-format-end-date\" name=\"wpbs-search-end-date\" \/>\r\n        <\/div>\r\n\r\n    \r\n    \r\n    <div class=\"wpbs_s-search-widget-field wpbs_s-search-widget-field-submit\">\r\n        <button class=\"wpbs_s-search-widget-datepicker-submit\">Search<\/button>\r\n    <\/div>\r\n\r\n<input type=\"hidden\" name=\"trp-form-language\" value=\"en\"\/><\/form>\r\n<\/div><div class=\"wpbs_s-search-widget-results-wrap\" data-label-previous=\"Vorherige\" data-label-next=\"N\u00e4chste\"><h2>Search results<\/h2><div class=\"wpbs_s-search-widget-results\"><div class=\"wpbs_s-search-widget-result wpbs_s-has-thumb\"><a class=\"wpbs_s-search-widget-result-link\" href=\"https:\/\/ferienimdenkmal.de\/en\/adelheid\/\" title=\"Adelheid\"><img fetchpriority=\"high\" decoding=\"async\" width=\"1024\" height=\"682\" src=\"https:\/\/ferienimdenkmal.de\/wp-content\/uploads\/2023\/11\/FID-CR-Adelheid-SZ-1-1024x682.jpg\" class=\"attachment-large size-large wp-post-image\" alt=\"\" srcset=\"https:\/\/ferienimdenkmal.de\/wp-content\/uploads\/2023\/11\/FID-CR-Adelheid-SZ-1-1024x682.jpg 1024w, https:\/\/ferienimdenkmal.de\/wp-content\/uploads\/2023\/11\/FID-CR-Adelheid-SZ-1-300x200.jpg 300w, https:\/\/ferienimdenkmal.de\/wp-content\/uploads\/2023\/11\/FID-CR-Adelheid-SZ-1-768x512.jpg 768w, https:\/\/ferienimdenkmal.de\/wp-content\/uploads\/2023\/11\/FID-CR-Adelheid-SZ-1.jpg 1400w\" sizes=\"(max-width: 1024px) 100vw, 1024px\" \/><\/a><div class=\"wpbs_s-search-widget-result-title\"><h3><a class=\"wpbs_s-search-widget-result-link\" href=\"https:\/\/ferienimdenkmal.de\/en\/adelheid\/\" title=\"Adelheid\">Adelheid<\/a><\/h3><\/div><a class=\"wpbs_s-search-widget-result-button\" href=\"https:\/\/ferienimdenkmal.de\/en\/adelheid\/\" title=\"Adelheid\">Displays<\/a><\/div><div class=\"wpbs_s-search-widget-result wpbs_s-has-thumb\"><a class=\"wpbs_s-search-widget-result-link\" href=\"https:\/\/ferienimdenkmal.de\/en\/anna-amalia\/\" title=\"Anna Amalia\"><img decoding=\"async\" width=\"900\" height=\"720\" src=\"https:\/\/ferienimdenkmal.de\/wp-content\/uploads\/2023\/11\/FID-home-anna-amalia-CR-Sitzplatz-zum-Graben.jpg\" class=\"attachment-large size-large wp-post-image\" alt=\"\" srcset=\"https:\/\/ferienimdenkmal.de\/wp-content\/uploads\/2023\/11\/FID-home-anna-amalia-CR-Sitzplatz-zum-Graben.jpg 900w, https:\/\/ferienimdenkmal.de\/wp-content\/uploads\/2023\/11\/FID-home-anna-amalia-CR-Sitzplatz-zum-Graben-300x240.jpg 300w, https:\/\/ferienimdenkmal.de\/wp-content\/uploads\/2023\/11\/FID-home-anna-amalia-CR-Sitzplatz-zum-Graben-768x614.jpg 768w\" sizes=\"(max-width: 900px) 100vw, 900px\" \/><\/a><div class=\"wpbs_s-search-widget-result-title\"><h3><a class=\"wpbs_s-search-widget-result-link\" href=\"https:\/\/ferienimdenkmal.de\/en\/anna-amalia\/\" title=\"Anna Amalia\">Anna Amalia<\/a><\/h3><\/div><a class=\"wpbs_s-search-widget-result-button\" href=\"https:\/\/ferienimdenkmal.de\/en\/anna-amalia\/\" title=\"Anna Amalia\">Displays<\/a><\/div><div class=\"wpbs_s-search-widget-result wpbs_s-has-thumb\"><a class=\"wpbs_s-search-widget-result-link\" href=\"https:\/\/ferienimdenkmal.de\/en\/dorothea\/\" title=\"Dorothea\"><img decoding=\"async\" width=\"1024\" height=\"576\" src=\"https:\/\/ferienimdenkmal.de\/wp-content\/uploads\/2023\/08\/FID-HOS-Dorothea-EG-1024x576.jpg\" class=\"attachment-large size-large wp-post-image\" alt=\"\" srcset=\"https:\/\/ferienimdenkmal.de\/wp-content\/uploads\/2023\/08\/FID-HOS-Dorothea-EG-1024x576.jpg 1024w, https:\/\/ferienimdenkmal.de\/wp-content\/uploads\/2023\/08\/FID-HOS-Dorothea-EG-300x169.jpg 300w, https:\/\/ferienimdenkmal.de\/wp-content\/uploads\/2023\/08\/FID-HOS-Dorothea-EG-768x432.jpg 768w, https:\/\/ferienimdenkmal.de\/wp-content\/uploads\/2023\/08\/FID-HOS-Dorothea-EG-1536x864.jpg 1536w, https:\/\/ferienimdenkmal.de\/wp-content\/uploads\/2023\/08\/FID-HOS-Dorothea-EG.jpg 2000w\" sizes=\"(max-width: 1024px) 100vw, 1024px\" \/><\/a><div class=\"wpbs_s-search-widget-result-title\"><h3><a class=\"wpbs_s-search-widget-result-link\" href=\"https:\/\/ferienimdenkmal.de\/en\/dorothea\/\" title=\"Dorothea\">Dorothea<\/a><\/h3><\/div><a class=\"wpbs_s-search-widget-result-button\" href=\"https:\/\/ferienimdenkmal.de\/en\/dorothea\/\" title=\"Dorothea\">Displays<\/a><\/div><div class=\"wpbs_s-search-widget-result wpbs_s-has-thumb\"><a class=\"wpbs_s-search-widget-result-link\" href=\"https:\/\/ferienimdenkmal.de\/en\/heinrich\/\" title=\"Heinrich\"><img loading=\"lazy\" decoding=\"async\" width=\"720\" height=\"720\" src=\"https:\/\/ferienimdenkmal.de\/wp-content\/uploads\/2025\/05\/Heinrich-Essplatz-900x720-1.jpg\" class=\"attachment-large size-large wp-post-image\" alt=\"\" srcset=\"https:\/\/ferienimdenkmal.de\/wp-content\/uploads\/2025\/05\/Heinrich-Essplatz-900x720-1.jpg 720w, https:\/\/ferienimdenkmal.de\/wp-content\/uploads\/2025\/05\/Heinrich-Essplatz-900x720-1-300x300.jpg 300w, https:\/\/ferienimdenkmal.de\/wp-content\/uploads\/2025\/05\/Heinrich-Essplatz-900x720-1-150x150.jpg 150w, https:\/\/ferienimdenkmal.de\/wp-content\/uploads\/2025\/05\/Heinrich-Essplatz-900x720-1-12x12.jpg 12w\" sizes=\"(max-width: 720px) 100vw, 720px\" \/><\/a><div class=\"wpbs_s-search-widget-result-title\"><h3><a class=\"wpbs_s-search-widget-result-link\" href=\"https:\/\/ferienimdenkmal.de\/en\/heinrich\/\" title=\"Heinrich\">Heinrich<\/a><\/h3><\/div><a class=\"wpbs_s-search-widget-result-button\" href=\"https:\/\/ferienimdenkmal.de\/en\/heinrich\/\" title=\"Heinrich\">Displays<\/a><\/div><div class=\"wpbs_s-search-widget-result wpbs_s-has-thumb\"><a class=\"wpbs_s-search-widget-result-link\" href=\"https:\/\/ferienimdenkmal.de\/en\/maria-aurora\/\" title=\"Maria Aurora\"><img loading=\"lazy\" decoding=\"async\" width=\"1024\" height=\"728\" src=\"https:\/\/ferienimdenkmal.de\/wp-content\/uploads\/2024\/04\/FiD-CR-Maria-wohness-2011-1024x728.jpg\" class=\"attachment-large size-large wp-post-image\" alt=\"Wohn-Essk\u00fcche Ferienwohnung Maria Aurora\" srcset=\"https:\/\/ferienimdenkmal.de\/wp-content\/uploads\/2024\/04\/FiD-CR-Maria-wohness-2011-1024x728.jpg 1024w, https:\/\/ferienimdenkmal.de\/wp-content\/uploads\/2024\/04\/FiD-CR-Maria-wohness-2011-300x213.jpg 300w, https:\/\/ferienimdenkmal.de\/wp-content\/uploads\/2024\/04\/FiD-CR-Maria-wohness-2011-768x546.jpg 768w, https:\/\/ferienimdenkmal.de\/wp-content\/uploads\/2024\/04\/FiD-CR-Maria-wohness-2011-18x12.jpg 18w, https:\/\/ferienimdenkmal.de\/wp-content\/uploads\/2024\/04\/FiD-CR-Maria-wohness-2011.jpg 1500w\" sizes=\"(max-width: 1024px) 100vw, 1024px\" \/><\/a><div class=\"wpbs_s-search-widget-result-title\"><h3><a class=\"wpbs_s-search-widget-result-link\" href=\"https:\/\/ferienimdenkmal.de\/en\/maria-aurora\/\" title=\"Maria Aurora\">Maria Aurora<\/a><\/h3><\/div><a class=\"wpbs_s-search-widget-result-button\" href=\"https:\/\/ferienimdenkmal.de\/en\/maria-aurora\/\" title=\"Maria Aurora\">Displays<\/a><\/div><div class=\"wpbs_s-search-widget-result wpbs_s-has-thumb\"><a class=\"wpbs_s-search-widget-result-link\" href=\"https:\/\/ferienimdenkmal.de\/en\/mathilde\/\" title=\"Matilda\"><img loading=\"lazy\" decoding=\"async\" width=\"1024\" height=\"682\" src=\"https:\/\/ferienimdenkmal.de\/wp-content\/uploads\/2024\/04\/FID-HOS-Mathilde-Wohn-Kuechen-Essbereich-1-1-1024x682.jpg\" class=\"attachment-large size-large wp-post-image\" alt=\"\" srcset=\"https:\/\/ferienimdenkmal.de\/wp-content\/uploads\/2024\/04\/FID-HOS-Mathilde-Wohn-Kuechen-Essbereich-1-1-1024x682.jpg 1024w, https:\/\/ferienimdenkmal.de\/wp-content\/uploads\/2024\/04\/FID-HOS-Mathilde-Wohn-Kuechen-Essbereich-1-1-300x200.jpg 300w, https:\/\/ferienimdenkmal.de\/wp-content\/uploads\/2024\/04\/FID-HOS-Mathilde-Wohn-Kuechen-Essbereich-1-1-768x512.jpg 768w, https:\/\/ferienimdenkmal.de\/wp-content\/uploads\/2024\/04\/FID-HOS-Mathilde-Wohn-Kuechen-Essbereich-1-1-1536x1024.jpg 1536w, https:\/\/ferienimdenkmal.de\/wp-content\/uploads\/2024\/04\/FID-HOS-Mathilde-Wohn-Kuechen-Essbereich-1-1-18x12.jpg 18w, https:\/\/ferienimdenkmal.de\/wp-content\/uploads\/2024\/04\/FID-HOS-Mathilde-Wohn-Kuechen-Essbereich-1-1.jpg 2000w\" sizes=\"(max-width: 1024px) 100vw, 1024px\" \/><\/a><div class=\"wpbs_s-search-widget-result-title\"><h3><a class=\"wpbs_s-search-widget-result-link\" href=\"https:\/\/ferienimdenkmal.de\/en\/mathilde\/\" title=\"Matilda\">Matilda<\/a><\/h3><\/div><a class=\"wpbs_s-search-widget-result-button\" href=\"https:\/\/ferienimdenkmal.de\/en\/mathilde\/\" title=\"Matilda\">Displays<\/a><\/div><div class=\"wpbs_s-search-widget-result wpbs_s-has-thumb\"><a class=\"wpbs_s-search-widget-result-link\" href=\"https:\/\/ferienimdenkmal.de\/en\/otto\/\" title=\"Otto\"><img loading=\"lazy\" decoding=\"async\" width=\"1024\" height=\"682\" src=\"https:\/\/ferienimdenkmal.de\/wp-content\/uploads\/2024\/04\/FID-HOS-Otto-OG-1-1024x682.jpg\" class=\"attachment-large size-large wp-post-image\" alt=\"Wohnk\u00fcche Ferienwohnung Otto\" srcset=\"https:\/\/ferienimdenkmal.de\/wp-content\/uploads\/2024\/04\/FID-HOS-Otto-OG-1-1024x682.jpg 1024w, https:\/\/ferienimdenkmal.de\/wp-content\/uploads\/2024\/04\/FID-HOS-Otto-OG-1-300x200.jpg 300w, https:\/\/ferienimdenkmal.de\/wp-content\/uploads\/2024\/04\/FID-HOS-Otto-OG-1-768x512.jpg 768w, https:\/\/ferienimdenkmal.de\/wp-content\/uploads\/2024\/04\/FID-HOS-Otto-OG-1-18x12.jpg 18w, https:\/\/ferienimdenkmal.de\/wp-content\/uploads\/2024\/04\/FID-HOS-Otto-OG-1.jpg 1400w\" sizes=\"(max-width: 1024px) 100vw, 1024px\" \/><\/a><div class=\"wpbs_s-search-widget-result-title\"><h3><a class=\"wpbs_s-search-widget-result-link\" href=\"https:\/\/ferienimdenkmal.de\/en\/otto\/\" title=\"Otto\">Otto<\/a><\/h3><\/div><a class=\"wpbs_s-search-widget-result-button\" href=\"https:\/\/ferienimdenkmal.de\/en\/otto\/\" title=\"Otto\">Displays<\/a><\/div><\/div><\/div><div class=\"wpbs-search-container-loaded\" data-just-loaded=\"1\"><\/div><\/div>\t\t\t\t<\/div>\n\t\t\t\t<\/div>\n\t\t\t\t<div class=\"elementor-element elementor-element-5f950cf elementor-view-default elementor-position-top elementor-mobile-position-top elementor-widget elementor-widget-icon-box\" data-id=\"5f950cf\" data-element_type=\"widget\" data-widget_type=\"icon-box.default\">\n\t\t\t\t<div class=\"elementor-widget-container\">\n\t\t\t\t\t\t\t<div class=\"elementor-icon-box-wrapper\">\n\n\t\t\t\t\t\t<div class=\"elementor-icon-box-icon\">\n\t\t\t\t<span  class=\"elementor-icon\">\n\t\t\t\t<i aria-hidden=\"true\" class=\"fas fa-gifts\"><\/i>\t\t\t\t<\/span>\n\t\t\t<\/div>\n\t\t\t\n\t\t\t\t\t\t<div class=\"elementor-icon-box-content\">\n\n\t\t\t\t\t\t\t\t\t<h3 class=\"elementor-icon-box-title\">\n\t\t\t\t\t\t<span  >\n\t\t\t\t\t\t\tBuy voucher\t\t\t\t\t\t<\/span>\n\t\t\t\t\t<\/h3>\n\t\t\t\t\n\t\t\t\t\t\t\t\t\t<p class=\"elementor-icon-box-description\">\n\t\t\t\t\t\tOur free voucher for many wonderful occasions: <br>Birthday, wedding, Mother's Day, anniversary or just for fun!\t\t\t\t\t<\/p>\n\t\t\t\t\n\t\t\t<\/div>\n\t\t\t\n\t\t<\/div>\n\t\t\t\t\t\t<\/div>\n\t\t\t\t<\/div>\n\t\t\t\t<div class=\"elementor-element elementor-element-76c7960 elementor-align-center elementor-widget elementor-widget-button\" data-id=\"76c7960\" data-element_type=\"widget\" data-widget_type=\"button.default\">\n\t\t\t\t<div class=\"elementor-widget-container\">\n\t\t\t\t\t\t\t\t\t<div class=\"elementor-button-wrapper\">\n\t\t\t\t\t<a class=\"elementor-button elementor-button-link elementor-size-sm\" href=\"https:\/\/ferienimdenkmal.de\/en\/kontakt\/\">\n\t\t\t\t\t\t<span class=\"elementor-button-content-wrapper\">\n\t\t\t\t\t\t\t\t\t<span class=\"elementor-button-text\">Order now<\/span>\n\t\t\t\t\t<\/span>\n\t\t\t\t\t<\/a>\n\t\t\t\t<\/div>\n\t\t\t\t\t\t\t\t<\/div>\n\t\t\t\t<\/div>\n\t\t\t\t\t<\/div>\n\t\t<\/div>\n\t\t\t\t\t<\/div>\n\t\t<\/section>\n\t\t\t\t<section class=\"elementor-section elementor-top-section elementor-element elementor-element-3b0dd05 elementor-section-height-min-height elementor-section-boxed elementor-section-height-default elementor-section-items-middle\" data-id=\"3b0dd05\" data-element_type=\"section\" data-settings=\"{&quot;background_background&quot;:&quot;classic&quot;}\">\n\t\t\t\t\t\t\t<div class=\"elementor-background-overlay\"><\/div>\n\t\t\t\t\t\t\t<div class=\"elementor-container elementor-column-gap-no\">\n\t\t\t\t\t<div class=\"elementor-column elementor-col-100 elementor-top-column elementor-element elementor-element-a2cf2a4\" data-id=\"a2cf2a4\" data-element_type=\"column\">\n\t\t\t<div class=\"elementor-widget-wrap elementor-element-populated\">\n\t\t\t\t\t\t<div class=\"elementor-element elementor-element-ab3dc86 elementor-widget elementor-widget-heading\" data-id=\"ab3dc86\" data-element_type=\"widget\" data-widget_type=\"heading.default\">\n\t\t\t\t<div class=\"elementor-widget-container\">\n\t\t\t\t\t<h2 class=\"elementor-heading-title elementor-size-default\">Can't find a free holiday flat at the desired times? <\/h2>\t\t\t\t<\/div>\n\t\t\t\t<\/div>\n\t\t\t\t<div class=\"elementor-element elementor-element-4b57f88 elementor-align-center elementor-widget elementor-widget-button\" data-id=\"4b57f88\" data-element_type=\"widget\" data-widget_type=\"button.default\">\n\t\t\t\t<div class=\"elementor-widget-container\">\n\t\t\t\t\t\t\t\t\t<div class=\"elementor-button-wrapper\">\n\t\t\t\t\t<a class=\"elementor-button elementor-button-link elementor-size-sm\" href=\"\/en\/kontakt\/\">\n\t\t\t\t\t\t<span class=\"elementor-button-content-wrapper\">\n\t\t\t\t\t\t\t\t\t<span class=\"elementor-button-text\">Write us a message<\/span>\n\t\t\t\t\t<\/span>\n\t\t\t\t\t<\/a>\n\t\t\t\t<\/div>\n\t\t\t\t\t\t\t\t<\/div>\n\t\t\t\t<\/div>\n\t\t\t\t\t<\/div>\n\t\t<\/div>\n\t\t\t\t\t<\/div>\n\t\t<\/section>\n\t\t\t\t<\/div>","protected":false},"excerpt":{"rendered":"<p>Holiday flats in Quedlinburg Our holiday flats are all centrally located in the historic town centre of Quedlinburg. Each flat has been renovated and furnished with great attention to detail in accordance with the preservation of historical monuments and healthy living standards to ensure you have an unforgettable holiday in Quedlinburg. Start date End date Search Search results Adelheid ads Anna Amalia ads Dorothea ads Heinrich ads Maria Aurora ads Mathilde ads [...]<\/p>","protected":false},"author":1,"featured_media":0,"parent":0,"menu_order":0,"comment_status":"closed","ping_status":"closed","template":"","meta":{"site-sidebar-layout":"no-sidebar","site-content-layout":"page-builder","ast-site-content-layout":"","site-content-style":"default","site-sidebar-style":"default","ast-global-header-display":"","ast-banner-title-visibility":"","ast-main-header-display":"","ast-hfb-above-header-display":"","ast-hfb-below-header-display":"","ast-hfb-mobile-header-display":"","site-post-title":"disabled","ast-breadcrumbs-content":"","ast-featured-img":"disabled","footer-sml-layout":"","theme-transparent-header-meta":"","adv-header-id-meta":"","stick-header-meta":"","header-above-stick-meta":"","header-main-stick-meta":"","header-below-stick-meta":"","astra-migrate-meta-layouts":"default","ast-page-background-enabled":"default","ast-page-background-meta":{"desktop":{"background-color":"var(--ast-global-color-4)","background-image":"","background-repeat":"repeat","background-position":"center center","background-size":"auto","background-attachment":"scroll","background-type":"","background-media":"","overlay-type":"","overlay-color":"","overlay-opacity":"","overlay-gradient":""},"tablet":{"background-color":"","background-image":"","background-repeat":"repeat","background-position":"center center","background-size":"auto","background-attachment":"scroll","background-type":"","background-media":"","overlay-type":"","overlay-color":"","overlay-opacity":"","overlay-gradient":""},"mobile":{"background-color":"","background-image":"","background-repeat":"repeat","background-position":"center center","background-size":"auto","background-attachment":"scroll","background-type":"","background-media":"","overlay-type":"","overlay-color":"","overlay-opacity":"","overlay-gradient":""}},"ast-content-background-meta":{"desktop":{"background-color":"var(--ast-global-color-5)","background-image":"","background-repeat":"repeat","background-position":"center center","background-size":"auto","background-attachment":"scroll","background-type":"","background-media":"","overlay-type":"","overlay-color":"","overlay-opacity":"","overlay-gradient":""},"tablet":{"background-color":"var(--ast-global-color-5)","background-image":"","background-repeat":"repeat","background-position":"center center","background-size":"auto","background-attachment":"scroll","background-type":"","background-media":"","overlay-type":"","overlay-color":"","overlay-opacity":"","overlay-gradient":""},"mobile":{"background-color":"var(--ast-global-color-5)","background-image":"","background-repeat":"repeat","background-position":"center center","background-size":"auto","background-attachment":"scroll","background-type":"","background-media":"","overlay-type":"","overlay-color":"","overlay-opacity":"","overlay-gradient":""}},"footnotes":""},"class_list":["post-350","page","type-page","status-publish","hentry"],"yoast_head":"<!-- This site is optimized with the Yoast SEO plugin v27.4 - https:\/\/yoast.com\/product\/yoast-seo-wordpress\/ -->\n<title>Ferienwohnungen in der Quedlinburg Altstadt in Fachwerkh\u00e4usern<\/title>\n<meta name=\"description\" content=\"In mitten der Quedlinburger Altstadt liegen unsere gro\u00dfz\u00fcgigen Ferienwohnungen in sorgsam sanierten Fachwerkh\u00e4usern in der Welterbestadt.\" \/>\n<meta name=\"robots\" content=\"index, follow, max-snippet:-1, max-image-preview:large, max-video-preview:-1\" \/>\n<link rel=\"canonical\" href=\"https:\/\/ferienimdenkmal.de\/en\/ferien-im-denkmal-ferienwohnungen-in-quedlinburg\/\" \/>\n<meta property=\"og:locale\" content=\"en_GB\" \/>\n<meta property=\"og:type\" content=\"article\" \/>\n<meta property=\"og:title\" content=\"Ferienwohnungen in der Quedlinburg Altstadt in Fachwerkh\u00e4usern\" \/>\n<meta property=\"og:description\" content=\"In mitten der Quedlinburger Altstadt liegen unsere gro\u00dfz\u00fcgigen Ferienwohnungen in sorgsam sanierten Fachwerkh\u00e4usern in der Welterbestadt.\" \/>\n<meta property=\"og:url\" content=\"https:\/\/ferienimdenkmal.de\/en\/ferien-im-denkmal-ferienwohnungen-in-quedlinburg\/\" \/>\n<meta property=\"og:site_name\" content=\"Ferien im Denkmal\" \/>\n<meta property=\"article:modified_time\" content=\"2025-05-01T08:42:27+00:00\" \/>\n<meta property=\"og:image\" content=\"https:\/\/ferienimdenkmal.de\/wp-content\/uploads\/2023\/11\/FID-CR-Adelheid-SZ-1-1024x682.jpg\" \/>\n<meta name=\"twitter:card\" content=\"summary_large_image\" \/>\n<meta name=\"twitter:label1\" content=\"Estimated reading time\" \/>\n\t<meta name=\"twitter:data1\" content=\"2 minutes\" \/>\n<script type=\"application\/ld+json\" class=\"yoast-schema-graph\">{\"@context\":\"https:\\\/\\\/schema.org\",\"@graph\":[{\"@type\":[\"Article\",\"BlogPosting\"],\"@id\":\"https:\\\/\\\/ferienimdenkmal.de\\\/ferien-im-denkmal-ferienwohnungen-in-quedlinburg\\\/#article\",\"isPartOf\":{\"@id\":\"https:\\\/\\\/ferienimdenkmal.de\\\/ferien-im-denkmal-ferienwohnungen-in-quedlinburg\\\/\"},\"author\":{\"name\":\"web800\",\"@id\":\"https:\\\/\\\/ferienimdenkmal.de\\\/#\\\/schema\\\/person\\\/6e4ca3689576ce4594c5ee50c7cd2a15\"},\"headline\":\"Ferienwohnungen\",\"datePublished\":\"2023-08-03T16:01:11+00:00\",\"dateModified\":\"2025-05-01T08:42:27+00:00\",\"mainEntityOfPage\":{\"@id\":\"https:\\\/\\\/ferienimdenkmal.de\\\/ferien-im-denkmal-ferienwohnungen-in-quedlinburg\\\/\"},\"wordCount\":97,\"publisher\":{\"@id\":\"https:\\\/\\\/ferienimdenkmal.de\\\/#organization\"},\"image\":{\"@id\":\"https:\\\/\\\/ferienimdenkmal.de\\\/ferien-im-denkmal-ferienwohnungen-in-quedlinburg\\\/#primaryimage\"},\"thumbnailUrl\":\"https:\\\/\\\/ferienimdenkmal.de\\\/wp-content\\\/uploads\\\/2023\\\/11\\\/FID-CR-Adelheid-SZ-1-1024x682.jpg\",\"inLanguage\":\"en-GB\"},{\"@type\":\"WebPage\",\"@id\":\"https:\\\/\\\/ferienimdenkmal.de\\\/ferien-im-denkmal-ferienwohnungen-in-quedlinburg\\\/\",\"url\":\"https:\\\/\\\/ferienimdenkmal.de\\\/ferien-im-denkmal-ferienwohnungen-in-quedlinburg\\\/\",\"name\":\"Ferienwohnungen in der Quedlinburg Altstadt in Fachwerkh\u00e4usern\",\"isPartOf\":{\"@id\":\"https:\\\/\\\/ferienimdenkmal.de\\\/#website\"},\"primaryImageOfPage\":{\"@id\":\"https:\\\/\\\/ferienimdenkmal.de\\\/ferien-im-denkmal-ferienwohnungen-in-quedlinburg\\\/#primaryimage\"},\"image\":{\"@id\":\"https:\\\/\\\/ferienimdenkmal.de\\\/ferien-im-denkmal-ferienwohnungen-in-quedlinburg\\\/#primaryimage\"},\"thumbnailUrl\":\"https:\\\/\\\/ferienimdenkmal.de\\\/wp-content\\\/uploads\\\/2023\\\/11\\\/FID-CR-Adelheid-SZ-1-1024x682.jpg\",\"datePublished\":\"2023-08-03T16:01:11+00:00\",\"dateModified\":\"2025-05-01T08:42:27+00:00\",\"description\":\"In mitten der Quedlinburger Altstadt liegen unsere gro\u00dfz\u00fcgigen Ferienwohnungen in sorgsam sanierten Fachwerkh\u00e4usern in der Welterbestadt.\",\"breadcrumb\":{\"@id\":\"https:\\\/\\\/ferienimdenkmal.de\\\/ferien-im-denkmal-ferienwohnungen-in-quedlinburg\\\/#breadcrumb\"},\"inLanguage\":\"en-GB\",\"potentialAction\":[{\"@type\":\"ReadAction\",\"target\":[\"https:\\\/\\\/ferienimdenkmal.de\\\/ferien-im-denkmal-ferienwohnungen-in-quedlinburg\\\/\"]}]},{\"@type\":\"ImageObject\",\"inLanguage\":\"en-GB\",\"@id\":\"https:\\\/\\\/ferienimdenkmal.de\\\/ferien-im-denkmal-ferienwohnungen-in-quedlinburg\\\/#primaryimage\",\"url\":\"https:\\\/\\\/ferienimdenkmal.de\\\/wp-content\\\/uploads\\\/2023\\\/11\\\/FID-CR-Adelheid-SZ-1-1024x682.jpg\",\"contentUrl\":\"https:\\\/\\\/ferienimdenkmal.de\\\/wp-content\\\/uploads\\\/2023\\\/11\\\/FID-CR-Adelheid-SZ-1-1024x682.jpg\"},{\"@type\":\"BreadcrumbList\",\"@id\":\"https:\\\/\\\/ferienimdenkmal.de\\\/ferien-im-denkmal-ferienwohnungen-in-quedlinburg\\\/#breadcrumb\",\"itemListElement\":[{\"@type\":\"ListItem\",\"position\":1,\"name\":\"Startseite\",\"item\":\"https:\\\/\\\/ferienimdenkmal.de\\\/\"},{\"@type\":\"ListItem\",\"position\":2,\"name\":\"Ferienwohnungen\"}]},{\"@type\":\"WebSite\",\"@id\":\"https:\\\/\\\/ferienimdenkmal.de\\\/#website\",\"url\":\"https:\\\/\\\/ferienimdenkmal.de\\\/\",\"name\":\"Ferien im Denkmal\",\"description\":\"Ferienwohnungen in der Weltkulturerbestadt Quedlinburg am Harz\",\"publisher\":{\"@id\":\"https:\\\/\\\/ferienimdenkmal.de\\\/#organization\"},\"alternateName\":\"Ferienwohnungen in Quedlinburg\",\"potentialAction\":[{\"@type\":\"SearchAction\",\"target\":{\"@type\":\"EntryPoint\",\"urlTemplate\":\"https:\\\/\\\/ferienimdenkmal.de\\\/?s={search_term_string}\"},\"query-input\":{\"@type\":\"PropertyValueSpecification\",\"valueRequired\":true,\"valueName\":\"search_term_string\"}}],\"inLanguage\":\"en-GB\"},{\"@type\":\"Organization\",\"@id\":\"https:\\\/\\\/ferienimdenkmal.de\\\/#organization\",\"name\":\"Ferien im Denkmal\",\"url\":\"https:\\\/\\\/ferienimdenkmal.de\\\/\",\"logo\":{\"@type\":\"ImageObject\",\"inLanguage\":\"en-GB\",\"@id\":\"https:\\\/\\\/ferienimdenkmal.de\\\/#\\\/schema\\\/logo\\\/image\\\/\",\"url\":\"https:\\\/\\\/ferienimdenkmal.de\\\/wp-content\\\/uploads\\\/2023\\\/07\\\/Fid_Logo_schwarz.png\",\"contentUrl\":\"https:\\\/\\\/ferienimdenkmal.de\\\/wp-content\\\/uploads\\\/2023\\\/07\\\/Fid_Logo_schwarz.png\",\"width\":4462,\"height\":1673,\"caption\":\"Ferien im Denkmal\"},\"image\":{\"@id\":\"https:\\\/\\\/ferienimdenkmal.de\\\/#\\\/schema\\\/logo\\\/image\\\/\"},\"sameAs\":[\"https:\\\/\\\/www.instagram.com\\\/ferienimdenkmal\\\/\"]},{\"@type\":\"Person\",\"@id\":\"https:\\\/\\\/ferienimdenkmal.de\\\/#\\\/schema\\\/person\\\/6e4ca3689576ce4594c5ee50c7cd2a15\",\"name\":\"web800\",\"sameAs\":[\"http:\\\/\\\/ferienimdenkmal.de\"],\"url\":\"https:\\\/\\\/ferienimdenkmal.de\\\/en\\\/author\\\/web800\\\/\"}]}<\/script>\n<!-- \/ Yoast SEO plugin. -->","yoast_head_json":{"title":"Holiday flats in the old town of Quedlinburg in half-timbered houses","description":"Our spacious holiday flats are located in the heart of Quedlinburg's old town in carefully renovated half-timbered houses in the World Heritage town.","robots":{"index":"index","follow":"follow","max-snippet":"max-snippet:-1","max-image-preview":"max-image-preview:large","max-video-preview":"max-video-preview:-1"},"canonical":"https:\/\/ferienimdenkmal.de\/en\/ferien-im-denkmal-ferienwohnungen-in-quedlinburg\/","og_locale":"en_GB","og_type":"article","og_title":"Ferienwohnungen in der Quedlinburg Altstadt in Fachwerkh\u00e4usern","og_description":"In mitten der Quedlinburger Altstadt liegen unsere gro\u00dfz\u00fcgigen Ferienwohnungen in sorgsam sanierten Fachwerkh\u00e4usern in der Welterbestadt.","og_url":"https:\/\/ferienimdenkmal.de\/en\/ferien-im-denkmal-ferienwohnungen-in-quedlinburg\/","og_site_name":"Ferien im Denkmal","article_modified_time":"2025-05-01T08:42:27+00:00","og_image":[{"url":"https:\/\/ferienimdenkmal.de\/wp-content\/uploads\/2023\/11\/FID-CR-Adelheid-SZ-1-1024x682.jpg","type":"","width":"","height":""}],"twitter_card":"summary_large_image","twitter_misc":{"Estimated reading time":"2 minutes"},"schema":{"@context":"https:\/\/schema.org","@graph":[{"@type":["Article","BlogPosting"],"@id":"https:\/\/ferienimdenkmal.de\/ferien-im-denkmal-ferienwohnungen-in-quedlinburg\/#article","isPartOf":{"@id":"https:\/\/ferienimdenkmal.de\/ferien-im-denkmal-ferienwohnungen-in-quedlinburg\/"},"author":{"name":"web800","@id":"https:\/\/ferienimdenkmal.de\/#\/schema\/person\/6e4ca3689576ce4594c5ee50c7cd2a15"},"headline":"Ferienwohnungen","datePublished":"2023-08-03T16:01:11+00:00","dateModified":"2025-05-01T08:42:27+00:00","mainEntityOfPage":{"@id":"https:\/\/ferienimdenkmal.de\/ferien-im-denkmal-ferienwohnungen-in-quedlinburg\/"},"wordCount":97,"publisher":{"@id":"https:\/\/ferienimdenkmal.de\/#organization"},"image":{"@id":"https:\/\/ferienimdenkmal.de\/ferien-im-denkmal-ferienwohnungen-in-quedlinburg\/#primaryimage"},"thumbnailUrl":"https:\/\/ferienimdenkmal.de\/wp-content\/uploads\/2023\/11\/FID-CR-Adelheid-SZ-1-1024x682.jpg","inLanguage":"en-GB"},{"@type":"WebPage","@id":"https:\/\/ferienimdenkmal.de\/ferien-im-denkmal-ferienwohnungen-in-quedlinburg\/","url":"https:\/\/ferienimdenkmal.de\/ferien-im-denkmal-ferienwohnungen-in-quedlinburg\/","name":"Holiday flats in the old town of Quedlinburg in half-timbered houses","isPartOf":{"@id":"https:\/\/ferienimdenkmal.de\/#website"},"primaryImageOfPage":{"@id":"https:\/\/ferienimdenkmal.de\/ferien-im-denkmal-ferienwohnungen-in-quedlinburg\/#primaryimage"},"image":{"@id":"https:\/\/ferienimdenkmal.de\/ferien-im-denkmal-ferienwohnungen-in-quedlinburg\/#primaryimage"},"thumbnailUrl":"https:\/\/ferienimdenkmal.de\/wp-content\/uploads\/2023\/11\/FID-CR-Adelheid-SZ-1-1024x682.jpg","datePublished":"2023-08-03T16:01:11+00:00","dateModified":"2025-05-01T08:42:27+00:00","description":"Our spacious holiday flats are located in the heart of Quedlinburg's old town in carefully renovated half-timbered houses in the World Heritage town.","breadcrumb":{"@id":"https:\/\/ferienimdenkmal.de\/ferien-im-denkmal-ferienwohnungen-in-quedlinburg\/#breadcrumb"},"inLanguage":"en-GB","potentialAction":[{"@type":"ReadAction","target":["https:\/\/ferienimdenkmal.de\/ferien-im-denkmal-ferienwohnungen-in-quedlinburg\/"]}]},{"@type":"ImageObject","inLanguage":"en-GB","@id":"https:\/\/ferienimdenkmal.de\/ferien-im-denkmal-ferienwohnungen-in-quedlinburg\/#primaryimage","url":"https:\/\/ferienimdenkmal.de\/wp-content\/uploads\/2023\/11\/FID-CR-Adelheid-SZ-1-1024x682.jpg","contentUrl":"https:\/\/ferienimdenkmal.de\/wp-content\/uploads\/2023\/11\/FID-CR-Adelheid-SZ-1-1024x682.jpg"},{"@type":"BreadcrumbList","@id":"https:\/\/ferienimdenkmal.de\/ferien-im-denkmal-ferienwohnungen-in-quedlinburg\/#breadcrumb","itemListElement":[{"@type":"ListItem","position":1,"name":"Startseite","item":"https:\/\/ferienimdenkmal.de\/"},{"@type":"ListItem","position":2,"name":"Ferienwohnungen"}]},{"@type":"WebSite","@id":"https:\/\/ferienimdenkmal.de\/#website","url":"https:\/\/ferienimdenkmal.de\/","name":"Holidays in a monument","description":"Holiday flats in the world heritage town of Quedlinburg am Harz","publisher":{"@id":"https:\/\/ferienimdenkmal.de\/#organization"},"alternateName":"Ferienwohnungen in Quedlinburg","potentialAction":[{"@type":"SearchAction","target":{"@type":"EntryPoint","urlTemplate":"https:\/\/ferienimdenkmal.de\/?s={search_term_string}"},"query-input":{"@type":"PropertyValueSpecification","valueRequired":true,"valueName":"search_term_string"}}],"inLanguage":"en-GB"},{"@type":"Organization","@id":"https:\/\/ferienimdenkmal.de\/#organization","name":"Holidays in a monument","url":"https:\/\/ferienimdenkmal.de\/","logo":{"@type":"ImageObject","inLanguage":"en-GB","@id":"https:\/\/ferienimdenkmal.de\/#\/schema\/logo\/image\/","url":"https:\/\/ferienimdenkmal.de\/wp-content\/uploads\/2023\/07\/Fid_Logo_schwarz.png","contentUrl":"https:\/\/ferienimdenkmal.de\/wp-content\/uploads\/2023\/07\/Fid_Logo_schwarz.png","width":4462,"height":1673,"caption":"Ferien im Denkmal"},"image":{"@id":"https:\/\/ferienimdenkmal.de\/#\/schema\/logo\/image\/"},"sameAs":["https:\/\/www.instagram.com\/ferienimdenkmal\/"]},{"@type":"Person","@id":"https:\/\/ferienimdenkmal.de\/#\/schema\/person\/6e4ca3689576ce4594c5ee50c7cd2a15","name":"web800","sameAs":["http:\/\/ferienimdenkmal.de"],"url":"https:\/\/ferienimdenkmal.de\/en\/author\/web800\/"}]}},"_links":{"self":[{"href":"https:\/\/ferienimdenkmal.de\/en\/wp-json\/wp\/v2\/pages\/350","targetHints":{"allow":["GET"]}}],"collection":[{"href":"https:\/\/ferienimdenkmal.de\/en\/wp-json\/wp\/v2\/pages"}],"about":[{"href":"https:\/\/ferienimdenkmal.de\/en\/wp-json\/wp\/v2\/types\/page"}],"author":[{"embeddable":true,"href":"https:\/\/ferienimdenkmal.de\/en\/wp-json\/wp\/v2\/users\/1"}],"replies":[{"embeddable":true,"href":"https:\/\/ferienimdenkmal.de\/en\/wp-json\/wp\/v2\/comments?post=350"}],"version-history":[{"count":0,"href":"https:\/\/ferienimdenkmal.de\/en\/wp-json\/wp\/v2\/pages\/350\/revisions"}],"wp:attachment":[{"href":"https:\/\/ferienimdenkmal.de\/en\/wp-json\/wp\/v2\/media?parent=350"}],"curies":[{"name":"wp","href":"https:\/\/api.w.org\/{rel}","templated":true}]}}